{"id":183,"date":"2022-03-16T18:51:18","date_gmt":"2022-03-16T18:51:18","guid":{"rendered":"https:\/\/uipba.org.ar\/?page_id=183"},"modified":"2025-08-14T14:32:58","modified_gmt":"2025-08-14T17:32:58","slug":"comercio-exterior","status":"publish","type":"page","link":"https:\/\/uipba.org.ar\/raiz\/comercio-exterior\/","title":{"rendered":"Comercio Exterior"},"content":{"rendered":"\t\t<div data-elementor-type=\"wp-page\" data-elementor-id=\"183\" class=\"elementor elementor-183\">\n\t\t\t\t\t\t\t\t\t<section class=\"elementor-section elementor-top-section elementor-element elementor-element-3983aff elementor-section-boxed elementor-section-height-default elementor-section-height-default\" data-id=\"3983aff\" data-element_type=\"section\" data-settings=\"{&quot;jet_parallax_layout_list&quot;:[]}\">\n\t\t\t\t\t\t<div class=\"elementor-container elementor-column-gap-default\">\n\t\t\t\t\t<div class=\"elementor-column elementor-col-50 elementor-top-column elementor-element elementor-element-cab3be5\" data-id=\"cab3be5\" data-element_type=\"column\">\n\t\t\t<div class=\"elementor-widget-wrap elementor-element-populated\">\n\t\t\t\t\t\t\t\t<div class=\"elementor-element elementor-element-f27c460 elementor-widget elementor-widget-heading\" data-id=\"f27c460\" data-element_type=\"widget\" data-widget_type=\"heading.default\">\n\t\t\t\t<div class=\"elementor-widget-container\">\n\t\t\t<style>\/*! elementor - v3.11.5 - 14-03-2023 *\/\n.elementor-heading-title{padding:0;margin:0;line-height:1}.elementor-widget-heading .elementor-heading-title[class*=elementor-size-]>a{color:inherit;font-size:inherit;line-height:inherit}.elementor-widget-heading .elementor-heading-title.elementor-size-small{font-size:15px}.elementor-widget-heading .elementor-heading-title.elementor-size-medium{font-size:19px}.elementor-widget-heading .elementor-heading-title.elementor-size-large{font-size:29px}.elementor-widget-heading .elementor-heading-title.elementor-size-xl{font-size:39px}.elementor-widget-heading .elementor-heading-title.elementor-size-xxl{font-size:59px}<\/style><h2 class=\"elementor-heading-title elementor-size-default\">Comercio Exterior<\/h2>\t\t<\/div>\n\t\t\t\t<\/div>\n\t\t\t\t<div class=\"elementor-element elementor-element-ee3637a elementor-widget elementor-widget-heading\" data-id=\"ee3637a\" data-element_type=\"widget\" data-widget_type=\"heading.default\">\n\t\t\t\t<div class=\"elementor-widget-container\">\n\t\t\t<h2 class=\"elementor-heading-title elementor-size-default\">Objetivos<\/h2>\t\t<\/div>\n\t\t\t\t<\/div>\n\t\t\t\t<div class=\"elementor-element elementor-element-5181289 elementor-widget elementor-widget-text-editor\" data-id=\"5181289\" data-element_type=\"widget\" data-widget_type=\"text-editor.default\">\n\t\t\t\t<div class=\"elementor-widget-container\">\n\t\t\t<style>\/*! elementor - v3.11.5 - 14-03-2023 *\/\n.elementor-widget-text-editor.elementor-drop-cap-view-stacked .elementor-drop-cap{background-color:#818a91;color:#fff}.elementor-widget-text-editor.elementor-drop-cap-view-framed .elementor-drop-cap{color:#818a91;border:3px solid;background-color:transparent}.elementor-widget-text-editor:not(.elementor-drop-cap-view-default) .elementor-drop-cap{margin-top:8px}.elementor-widget-text-editor:not(.elementor-drop-cap-view-default) .elementor-drop-cap-letter{width:1em;height:1em}.elementor-widget-text-editor .elementor-drop-cap{float:left;text-align:center;line-height:1;font-size:50px}.elementor-widget-text-editor .elementor-drop-cap-letter{display:inline-block}<\/style>\t\t\t\t<p>Analiza, debate y promueve las normativas y pol\u00edticas vinculadas al comercio exterior que impacten en el desarrollo industrial, buscando impulsar la competitividad del sector. Se realiza el seguimiento de ejes estrat\u00e9gicos vinculados a las negociaciones con otros pa\u00edses y regiones, el monitoreo de iniciativas gubernamentales y pol\u00edticas p\u00fablicas con impacto sustantivo en el entramado productivo nacional.<\/p>\t\t\t\t\t\t<\/div>\n\t\t\t\t<\/div>\n\t\t\t\t\t<\/div>\n\t\t<\/div>\n\t\t\t\t<div class=\"elementor-column elementor-col-50 elementor-top-column elementor-element elementor-element-73a975a\" data-id=\"73a975a\" data-element_type=\"column\">\n\t\t\t<div class=\"elementor-widget-wrap elementor-element-populated\">\n\t\t\t\t\t\t\t\t<div class=\"elementor-element elementor-element-4b0f030 elementor-widget elementor-widget-heading\" data-id=\"4b0f030\" data-element_type=\"widget\" data-widget_type=\"heading.default\">\n\t\t\t\t<div class=\"elementor-widget-container\">\n\t\t\t<h2 class=\"elementor-heading-title elementor-size-default\">Autoridades<\/h2>\t\t<\/div>\n\t\t\t\t<\/div>\n\t\t\t\t<div class=\"elementor-element elementor-element-15a3e45 elementor-position-left elementor-vertical-align-top elementor-widget elementor-widget-image-box\" data-id=\"15a3e45\" data-element_type=\"widget\" data-widget_type=\"image-box.default\">\n\t\t\t\t<div class=\"elementor-widget-container\">\n\t\t\t<style>\/*! elementor - v3.11.5 - 14-03-2023 *\/\n.elementor-widget-image-box .elementor-image-box-content{width:100%}@media (min-width:768px){.elementor-widget-image-box.elementor-position-left .elementor-image-box-wrapper,.elementor-widget-image-box.elementor-position-right .elementor-image-box-wrapper{display:flex}.elementor-widget-image-box.elementor-position-right .elementor-image-box-wrapper{text-align:right;flex-direction:row-reverse}.elementor-widget-image-box.elementor-position-left .elementor-image-box-wrapper{text-align:left;flex-direction:row}.elementor-widget-image-box.elementor-position-top .elementor-image-box-img{margin:auto}.elementor-widget-image-box.elementor-vertical-align-top .elementor-image-box-wrapper{align-items:flex-start}.elementor-widget-image-box.elementor-vertical-align-middle .elementor-image-box-wrapper{align-items:center}.elementor-widget-image-box.elementor-vertical-align-bottom .elementor-image-box-wrapper{align-items:flex-end}}@media (max-width:767px){.elementor-widget-image-box .elementor-image-box-img{margin-left:auto!important;margin-right:auto!important;margin-bottom:15px}}.elementor-widget-image-box .elementor-image-box-img{display:inline-block}.elementor-widget-image-box .elementor-image-box-title a{color:inherit}.elementor-widget-image-box .elementor-image-box-wrapper{text-align:center}.elementor-widget-image-box .elementor-image-box-description{margin:0}<\/style><div class=\"elementor-image-box-wrapper\"><div class=\"elementor-image-box-content\"><h3 class=\"elementor-image-box-title\">Bruno Misisca<\/h3><p class=\"elementor-image-box-description\">presidente<\/p><\/div><\/div>\t\t<\/div>\n\t\t\t\t<\/div>\n\t\t\t\t<div class=\"elementor-element elementor-element-843481e elementor-position-left elementor-vertical-align-top elementor-widget elementor-widget-image-box\" data-id=\"843481e\" data-element_type=\"widget\" data-widget_type=\"image-box.default\">\n\t\t\t\t<div class=\"elementor-widget-container\">\n\t\t\t<div class=\"elementor-image-box-wrapper\"><div class=\"elementor-image-box-content\"><h3 class=\"elementor-image-box-title\">Patricia Fragomeni<\/h3><p class=\"elementor-image-box-description\">Vicepresidente Territorial<\/p><\/div><\/div>\t\t<\/div>\n\t\t\t\t<\/div>\n\t\t\t\t<div class=\"elementor-element elementor-element-56719c4 elementor-position-left elementor-vertical-align-top elementor-widget elementor-widget-image-box\" data-id=\"56719c4\" data-element_type=\"widget\" data-widget_type=\"image-box.default\">\n\t\t\t\t<div class=\"elementor-widget-container\">\n\t\t\t<div class=\"elementor-image-box-wrapper\"><div class=\"elementor-image-box-content\"><h3 class=\"elementor-image-box-title\">Patricia Rodriguez Schweitzer<\/h3><p class=\"elementor-image-box-description\">Secretaria<\/p><\/div><\/div>\t\t<\/div>\n\t\t\t\t<\/div>\n\t\t\t\t<div class=\"elementor-element elementor-element-e3724d6 elementor-widget elementor-widget-heading\" data-id=\"e3724d6\" data-element_type=\"widget\" data-widget_type=\"heading.default\">\n\t\t\t\t<div class=\"elementor-widget-container\">\n\t\t\t<h2 class=\"elementor-heading-title elementor-size-default\">Contacto<\/h2>\t\t<\/div>\n\t\t\t\t<\/div>\n\t\t\t\t<div class=\"elementor-element elementor-element-5e6605d elementor-tablet-align-center elementor-icon-list--layout-traditional elementor-list-item-link-full_width elementor-widget elementor-widget-icon-list\" data-id=\"5e6605d\" data-element_type=\"widget\" data-widget_type=\"icon-list.default\">\n\t\t\t\t<div class=\"elementor-widget-container\">\n\t\t\t<link rel=\"stylesheet\" href=\"https:\/\/uipba.org.ar\/raiz\/wp-content\/plugins\/elementor\/assets\/css\/widget-icon-list.min.css\">\t\t<ul class=\"elementor-icon-list-items\">\n\t\t\t\t\t\t\t<li class=\"elementor-icon-list-item\">\n\t\t\t\t\t\t\t\t\t\t\t<a href=\"mailto:comercio@uipba.com.ar%20\">\n\n\t\t\t\t\t\t\t\t\t\t\t\t<span class=\"elementor-icon-list-icon\">\n\t\t\t\t\t\t\t<i aria-hidden=\"true\" class=\"far fa-envelope\"><\/i>\t\t\t\t\t\t<\/span>\n\t\t\t\t\t\t\t\t\t\t<span class=\"elementor-icon-list-text\">comercio@uipba.com.ar <\/span>\n\t\t\t\t\t\t\t\t\t\t\t<\/a>\n\t\t\t\t\t\t\t\t\t<\/li>\n\t\t\t\t\t\t<\/ul>\n\t\t\t\t<\/div>\n\t\t\t\t<\/div>\n\t\t\t\t\t<\/div>\n\t\t<\/div>\n\t\t\t\t\t\t\t<\/div>\n\t\t<\/section>\n\t\t\t\t<section class=\"elementor-section elementor-top-section elementor-element elementor-element-3fa0775 elementor-section-full_width elementor-section-height-default elementor-section-height-default\" data-id=\"3fa0775\" data-element_type=\"section\" data-settings=\"{&quot;jet_parallax_layout_list&quot;:[]}\">\n\t\t\t\t\t\t\t<div class=\"elementor-background-overlay\"><\/div>\n\t\t\t\t\t\t\t<div class=\"elementor-container elementor-column-gap-no\">\n\t\t\t\t\t<div class=\"elementor-column elementor-col-100 elementor-top-column elementor-element elementor-element-37b2715\" data-id=\"37b2715\" data-element_type=\"column\">\n\t\t\t<div class=\"elementor-widget-wrap elementor-element-populated\">\n\t\t\t\t\t\t\t\t<div class=\"elementor-element elementor-element-26cbcbf elementor-widget elementor-widget-jet-posts\" data-id=\"26cbcbf\" data-element_type=\"widget\" data-settings=\"{&quot;columns&quot;:&quot;3&quot;,&quot;columns_tablet&quot;:&quot;2&quot;,&quot;columns_mobile&quot;:&quot;1&quot;,&quot;slides_to_scroll&quot;:&quot;1&quot;}\" data-widget_type=\"jet-posts.default\">\n\t\t\t\t<div class=\"elementor-widget-container\">\n\t\t\t<div class=\"elementor-jet-posts jet-elements\"><div class=\"jet-carousel elementor-slick-slider\" data-slider_options=\"{&quot;autoplaySpeed&quot;:5000,&quot;autoplay&quot;:true,&quot;infinite&quot;:true,&quot;pauseOnHover&quot;:false,&quot;speed&quot;:500,&quot;arrows&quot;:true,&quot;dots&quot;:false,&quot;slidesToScroll&quot;:1,&quot;prevArrow&quot;:&quot;.jet-posts__prev-arrow-26cbcbf&quot;,&quot;nextArrow&quot;:&quot;.jet-posts__next-arrow-26cbcbf&quot;,&quot;rtl&quot;:false}\" dir=\"ltr\"><div class=\"jet-posts col-row disable-cols-gap disable-rows-gap jet-equal-cols\"><div class=\"jet-posts__prev-arrow-26cbcbf jet-arrow prev-arrow\"><i aria-hidden=\"true\" class=\"fas fa-angle-left\"><\/i><\/div><div class=\"jet-posts__next-arrow-26cbcbf jet-arrow next-arrow\"><i aria-hidden=\"true\" class=\"fas fa-angle-right\"><\/i><\/div><div class=\"jet-posts__item\">\n\t<div class=\"jet-posts__inner-box\"><div class=\"post-thumbnail\"><a href=\"https:\/\/uipba.org.ar\/raiz\/uipba-realizo-una-capacitacion-sobre-comercio-exterior\/\" class=\"post-thumbnail__link\"><img decoding=\"async\" class=\"post-thumbnail__img wp-post-image\" src=\"https:\/\/uipba.org.ar\/raiz\/wp-content\/uploads\/2022\/03\/WhatsApp_Image_2020-06-23_at_18.17.31.jpeg\" alt=\"UIPBA realiz\u00f3 una capacitaci\u00f3n sobre Comercio Exterior\" loading=\"lazy\" width=\"1280\" height=\"800\"><\/a><\/div><div class=\"jet-posts__inner-content\"><h4 class=\"entry-title\"><a href=\"https:\/\/uipba.org.ar\/raiz\/uipba-realizo-una-capacitacion-sobre-comercio-exterior\/\">UIPBA realiz\u00f3 una capacitaci\u00f3n sobre Comercio Exterior<\/a><\/h4><div class=\"entry-excerpt\">Con el acompa\u00f1amiento del Ministerio de Producci\u00f3n, Ciencia e Innovaci\u00f3n Tecnol\u00f3gica de la Provincia de Buenos Aires, llevamos adelante un&hellip;<\/div><\/div><\/div>\n<\/div>\n<div class=\"jet-posts__item\">\n\t<div class=\"jet-posts__inner-box\"><div class=\"post-thumbnail\"><a href=\"https:\/\/uipba.org.ar\/raiz\/participamos-del-lanzamiento-de-cuenta-dni-del-bapro\/\" class=\"post-thumbnail__link\"><img decoding=\"async\" class=\"post-thumbnail__img wp-post-image\" src=\"https:\/\/uipba.org.ar\/raiz\/wp-content\/uploads\/2022\/03\/UIPBAab08.jpg\" alt=\"Participamos del lanzamiento de \u201cCuenta DNI\u201d del BAPRO\" loading=\"lazy\" width=\"815\" height=\"470\"><\/a><\/div><div class=\"jet-posts__inner-content\"><h4 class=\"entry-title\"><a href=\"https:\/\/uipba.org.ar\/raiz\/participamos-del-lanzamiento-de-cuenta-dni-del-bapro\/\">Participamos del lanzamiento de \u201cCuenta DNI\u201d del BAPRO<\/a><\/h4><div class=\"entry-excerpt\">Nuestro presidente, Mart\u00edn Rappallini, particip\u00f3 del lanzamiento encabezado por el Presidente de la Naci\u00f3n, Alberto Fern\u00e1ndez; el Gobernador, Axel Kicillof,&hellip;<\/div><\/div><\/div>\n<\/div>\n<div class=\"jet-posts__item\">\n\t<div class=\"jet-posts__inner-box\"><div class=\"post-thumbnail\"><a href=\"https:\/\/uipba.org.ar\/raiz\/uipba-se-reunio-con-ariel-schale\/\" class=\"post-thumbnail__link\"><img decoding=\"async\" class=\"post-thumbnail__img wp-post-image\" src=\"https:\/\/uipba.org.ar\/raiz\/wp-content\/uploads\/2022\/03\/uipba2020feb.jpg\" alt=\"UIPBA se reuni\u00f3 con Ariel Schale\" loading=\"lazy\" width=\"670\" height=\"394\"><\/a><\/div><div class=\"jet-posts__inner-content\"><h4 class=\"entry-title\"><a href=\"https:\/\/uipba.org.ar\/raiz\/uipba-se-reunio-con-ariel-schale\/\">UIPBA se reuni\u00f3 con Ariel Schale<\/a><\/h4><div class=\"entry-excerpt\">Las autoridades de la casa se reunieron con el Secretario de Industria, Econom\u00eda del Conocimiento y Gesti\u00f3n Comercial Externa, quien&hellip;<\/div><\/div><\/div>\n<\/div>\n<\/div>\n<\/div><\/div>\t\t<\/div>\n\t\t\t\t<\/div>\n\t\t\t\t\t<\/div>\n\t\t<\/div>\n\t\t\t\t\t\t\t<\/div>\n\t\t<\/section>\n\t\t\t\t\t\t\t<\/div>\n\t\t","protected":false},"excerpt":{"rendered":"<p>Comercio Exterior Objetivos Analiza, debate y promueve las normativas y pol\u00edticas vinculadas al comercio exterior que impacten en el desarrollo industrial, buscando impulsar la competitividad del sector. Se realiza el &#8230; <a title=\"UIPBA se reuni\u00f3 con Ariel Schale\" class=\"read-more\" href=\"https:\/\/uipba.org.ar\/raiz\/uipba-se-reunio-con-ariel-schale\/\" aria-label=\"M\u00e1s en UIPBA se reuni\u00f3 con Ariel Schale\">Leer m\u00e1s<\/a><\/p>\n","protected":false},"author":1,"featured_media":0,"parent":0,"menu_order":0,"comment_status":"closed","ping_status":"closed","template":"elementor_header_footer","meta":{"_acf_changed":false,"footnotes":""},"class_list":["post-183","page","type-page","status-publish","hentry"],"acf":[],"yoast_head":"<!-- This site is optimized with the Yoast SEO plugin v25.2 - https:\/\/yoast.com\/wordpress\/plugins\/seo\/ -->\n<title>Comercio Exterior - UIPBA<\/title>\n<meta name=\"robots\" content=\"index, follow, max-snippet:-1, max-image-preview:large, max-video-preview:-1\" \/>\n<link rel=\"canonical\" href=\"https:\/\/uipba.org.ar\/raiz\/comercio-exterior\/\" \/>\n<meta property=\"og:locale\" content=\"es_ES\" \/>\n<meta property=\"og:type\" content=\"article\" \/>\n<meta property=\"og:title\" content=\"Comercio Exterior - UIPBA\" \/>\n<meta property=\"og:description\" content=\"Comercio Exterior Objetivos Analiza, debate y promueve las normativas y pol\u00edticas vinculadas al comercio exterior que impacten en el desarrollo industrial, buscando impulsar la competitividad del sector. Se realiza el ... Leer m\u00e1s\" \/>\n<meta property=\"og:url\" content=\"https:\/\/uipba.org.ar\/raiz\/comercio-exterior\/\" \/>\n<meta property=\"og:site_name\" content=\"UIPBA\" \/>\n<meta property=\"article:modified_time\" content=\"2025-08-14T17:32:58+00:00\" \/>\n<meta property=\"og:image\" content=\"https:\/\/uipba.org.ar\/raiz\/wp-content\/uploads\/2022\/03\/WhatsApp_Image_2020-06-23_at_18.17.31.jpeg\" \/>\n<meta name=\"twitter:card\" content=\"summary_large_image\" \/>\n<meta name=\"twitter:label1\" content=\"Tiempo de lectura\" \/>\n\t<meta name=\"twitter:data1\" content=\"2 minutos\" \/>\n<script type=\"application\/ld+json\" class=\"yoast-schema-graph\">{\"@context\":\"https:\/\/schema.org\",\"@graph\":[{\"@type\":\"WebPage\",\"@id\":\"https:\/\/uipba.org.ar\/raiz\/comercio-exterior\/\",\"url\":\"https:\/\/uipba.org.ar\/raiz\/comercio-exterior\/\",\"name\":\"Comercio Exterior - UIPBA\",\"isPartOf\":{\"@id\":\"https:\/\/uipba.org.ar\/raiz\/#website\"},\"primaryImageOfPage\":{\"@id\":\"https:\/\/uipba.org.ar\/raiz\/comercio-exterior\/#primaryimage\"},\"image\":{\"@id\":\"https:\/\/uipba.org.ar\/raiz\/comercio-exterior\/#primaryimage\"},\"thumbnailUrl\":\"https:\/\/uipba.org.ar\/raiz\/wp-content\/uploads\/2022\/03\/WhatsApp_Image_2020-06-23_at_18.17.31.jpeg\",\"datePublished\":\"2022-03-16T18:51:18+00:00\",\"dateModified\":\"2025-08-14T17:32:58+00:00\",\"breadcrumb\":{\"@id\":\"https:\/\/uipba.org.ar\/raiz\/comercio-exterior\/#breadcrumb\"},\"inLanguage\":\"es\",\"potentialAction\":[{\"@type\":\"ReadAction\",\"target\":[\"https:\/\/uipba.org.ar\/raiz\/comercio-exterior\/\"]}]},{\"@type\":\"ImageObject\",\"inLanguage\":\"es\",\"@id\":\"https:\/\/uipba.org.ar\/raiz\/comercio-exterior\/#primaryimage\",\"url\":\"https:\/\/uipba.org.ar\/raiz\/wp-content\/uploads\/2022\/03\/WhatsApp_Image_2020-06-23_at_18.17.31.jpeg\",\"contentUrl\":\"https:\/\/uipba.org.ar\/raiz\/wp-content\/uploads\/2022\/03\/WhatsApp_Image_2020-06-23_at_18.17.31.jpeg\",\"width\":1280,\"height\":800},{\"@type\":\"BreadcrumbList\",\"@id\":\"https:\/\/uipba.org.ar\/raiz\/comercio-exterior\/#breadcrumb\",\"itemListElement\":[{\"@type\":\"ListItem\",\"position\":1,\"name\":\"Inicio\",\"item\":\"https:\/\/uipba.org.ar\/raiz\/\"},{\"@type\":\"ListItem\",\"position\":2,\"name\":\"Comercio Exterior\"}]},{\"@type\":\"WebSite\",\"@id\":\"https:\/\/uipba.org.ar\/raiz\/#website\",\"url\":\"https:\/\/uipba.org.ar\/raiz\/\",\"name\":\"UIPBA\",\"description\":\"Uni\u00f3n industrial de la provincia de Buenos Aires\",\"potentialAction\":[{\"@type\":\"SearchAction\",\"target\":{\"@type\":\"EntryPoint\",\"urlTemplate\":\"https:\/\/uipba.org.ar\/raiz\/?s={search_term_string}\"},\"query-input\":{\"@type\":\"PropertyValueSpecification\",\"valueRequired\":true,\"valueName\":\"search_term_string\"}}],\"inLanguage\":\"es\"}]}<\/script>\n<!-- \/ Yoast SEO plugin. -->","yoast_head_json":{"title":"Comercio Exterior - UIPBA","robots":{"index":"index","follow":"follow","max-snippet":"max-snippet:-1","max-image-preview":"max-image-preview:large","max-video-preview":"max-video-preview:-1"},"canonical":"https:\/\/uipba.org.ar\/raiz\/comercio-exterior\/","og_locale":"es_ES","og_type":"article","og_title":"Comercio Exterior - UIPBA","og_description":"Comercio Exterior Objetivos Analiza, debate y promueve las normativas y pol\u00edticas vinculadas al comercio exterior que impacten en el desarrollo industrial, buscando impulsar la competitividad del sector. Se realiza el ... Leer m\u00e1s","og_url":"https:\/\/uipba.org.ar\/raiz\/comercio-exterior\/","og_site_name":"UIPBA","article_modified_time":"2025-08-14T17:32:58+00:00","og_image":[{"url":"https:\/\/uipba.org.ar\/raiz\/wp-content\/uploads\/2022\/03\/WhatsApp_Image_2020-06-23_at_18.17.31.jpeg","type":"","width":"","height":""}],"twitter_card":"summary_large_image","twitter_misc":{"Tiempo de lectura":"2 minutos"},"schema":{"@context":"https:\/\/schema.org","@graph":[{"@type":"WebPage","@id":"https:\/\/uipba.org.ar\/raiz\/comercio-exterior\/","url":"https:\/\/uipba.org.ar\/raiz\/comercio-exterior\/","name":"Comercio Exterior - UIPBA","isPartOf":{"@id":"https:\/\/uipba.org.ar\/raiz\/#website"},"primaryImageOfPage":{"@id":"https:\/\/uipba.org.ar\/raiz\/comercio-exterior\/#primaryimage"},"image":{"@id":"https:\/\/uipba.org.ar\/raiz\/comercio-exterior\/#primaryimage"},"thumbnailUrl":"https:\/\/uipba.org.ar\/raiz\/wp-content\/uploads\/2022\/03\/WhatsApp_Image_2020-06-23_at_18.17.31.jpeg","datePublished":"2022-03-16T18:51:18+00:00","dateModified":"2025-08-14T17:32:58+00:00","breadcrumb":{"@id":"https:\/\/uipba.org.ar\/raiz\/comercio-exterior\/#breadcrumb"},"inLanguage":"es","potentialAction":[{"@type":"ReadAction","target":["https:\/\/uipba.org.ar\/raiz\/comercio-exterior\/"]}]},{"@type":"ImageObject","inLanguage":"es","@id":"https:\/\/uipba.org.ar\/raiz\/comercio-exterior\/#primaryimage","url":"https:\/\/uipba.org.ar\/raiz\/wp-content\/uploads\/2022\/03\/WhatsApp_Image_2020-06-23_at_18.17.31.jpeg","contentUrl":"https:\/\/uipba.org.ar\/raiz\/wp-content\/uploads\/2022\/03\/WhatsApp_Image_2020-06-23_at_18.17.31.jpeg","width":1280,"height":800},{"@type":"BreadcrumbList","@id":"https:\/\/uipba.org.ar\/raiz\/comercio-exterior\/#breadcrumb","itemListElement":[{"@type":"ListItem","position":1,"name":"Inicio","item":"https:\/\/uipba.org.ar\/raiz\/"},{"@type":"ListItem","position":2,"name":"Comercio Exterior"}]},{"@type":"WebSite","@id":"https:\/\/uipba.org.ar\/raiz\/#website","url":"https:\/\/uipba.org.ar\/raiz\/","name":"UIPBA","description":"Uni\u00f3n industrial de la provincia de Buenos Aires","potentialAction":[{"@type":"SearchAction","target":{"@type":"EntryPoint","urlTemplate":"https:\/\/uipba.org.ar\/raiz\/?s={search_term_string}"},"query-input":{"@type":"PropertyValueSpecification","valueRequired":true,"valueName":"search_term_string"}}],"inLanguage":"es"}]}},"_links":{"self":[{"href":"https:\/\/uipba.org.ar\/raiz\/wp-json\/wp\/v2\/pages\/183","targetHints":{"allow":["GET"]}}],"collection":[{"href":"https:\/\/uipba.org.ar\/raiz\/wp-json\/wp\/v2\/pages"}],"about":[{"href":"https:\/\/uipba.org.ar\/raiz\/wp-json\/wp\/v2\/types\/page"}],"author":[{"embeddable":true,"href":"https:\/\/uipba.org.ar\/raiz\/wp-json\/wp\/v2\/users\/1"}],"replies":[{"embeddable":true,"href":"https:\/\/uipba.org.ar\/raiz\/wp-json\/wp\/v2\/comments?post=183"}],"version-history":[{"count":40,"href":"https:\/\/uipba.org.ar\/raiz\/wp-json\/wp\/v2\/pages\/183\/revisions"}],"predecessor-version":[{"id":2697,"href":"https:\/\/uipba.org.ar\/raiz\/wp-json\/wp\/v2\/pages\/183\/revisions\/2697"}],"wp:attachment":[{"href":"https:\/\/uipba.org.ar\/raiz\/wp-json\/wp\/v2\/media?parent=183"}],"curies":[{"name":"wp","href":"https:\/\/api.w.org\/{rel}","templated":true}]}}